{"id":4517,"date":"2024-06-20T08:16:04","date_gmt":"2024-06-20T12:16:04","guid":{"rendered":"https:\/\/centretic.com\/enseignants\/?page_id=4517"},"modified":"2025-08-29T11:00:58","modified_gmt":"2025-08-29T15:00:58","slug":"ressources","status":"publish","type":"page","link":"https:\/\/centretic.com\/enseignants\/ressources\/","title":{"rendered":"Ressources"},"content":{"rendered":"\n<p>Cette section pr\u00e9sente le Comit\u00e9 TIC institutionnel. Vous y trouverez \u00e9galement toute l&rsquo;information utile pour la session en cours quant aux activit\u00e9s offertes en lien avec le d\u00e9veloppement des comp\u00e9tences num\u00e9riques du personnel enseignant.<\/p>\n\n\n\n<div class=\"wp-block-columns is-layout-flex wp-container-core-columns-is-layout-9d6595d7 wp-block-columns-is-layout-flex\">\n<div class=\"wp-block-column is-layout-flow wp-block-column-is-layout-flow\">\n<h4 class=\"wp-block-heading\"><strong><a href=\"https:\/\/centretic.com\/enseignants\/ressources\/comite-tic\/\">Comit\u00e9 TIC<\/a><\/strong><\/h4>\n\n\n\n<figure class=\"wp-block-image size-full\"><img loading=\"lazy\" decoding=\"async\" width=\"960\" height=\"640\" src=\"https:\/\/centretic.com\/enseignants\/wp-content\/uploads\/sites\/2\/2024\/06\/comite-tic.jpg\" alt=\"\" class=\"wp-image-4535\" srcset=\"https:\/\/centretic.com\/enseignants\/wp-content\/uploads\/sites\/2\/2024\/06\/comite-tic.jpg 960w, https:\/\/centretic.com\/enseignants\/wp-content\/uploads\/sites\/2\/2024\/06\/comite-tic-300x200.jpg 300w, https:\/\/centretic.com\/enseignants\/wp-content\/uploads\/sites\/2\/2024\/06\/comite-tic-768x512.jpg 768w, https:\/\/centretic.com\/enseignants\/wp-content\/uploads\/sites\/2\/2024\/06\/comite-tic-640x427.jpg 640w\" sizes=\"auto, (max-width: 960px) 100vw, 960px\" \/><\/figure>\n\n\n\n<p>Curieux\u00b7se d&rsquo;en apprendre plus sur le Comit\u00e9 TIC institutionnel? Cette section pr\u00e9sente le mandat du comit\u00e9, ses membres ainsi que ses principales r\u00e9alisations.<\/p>\n<\/div>\n\n\n\n<div class=\"wp-block-column is-layout-flow wp-block-column-is-layout-flow\">\n<h4 class=\"wp-block-heading\"><strong><a href=\"https:\/\/centretic.com\/enseignants\/ressources\/enseignant%c2%b7es-devenez-des-allie%c2%b7es-de-la-conquete-du-numerique\/\">\u00c0 la conqu\u00eate du num\u00e9rique<\/a><\/strong><\/h4>\n\n\n\n<figure class=\"wp-block-image size-full\"><img loading=\"lazy\" decoding=\"async\" width=\"960\" height=\"640\" src=\"https:\/\/centretic.com\/enseignants\/wp-content\/uploads\/sites\/2\/2025\/08\/a-la-conquete-2.png\" alt=\"\" class=\"wp-image-4757\" srcset=\"https:\/\/centretic.com\/enseignants\/wp-content\/uploads\/sites\/2\/2025\/08\/a-la-conquete-2.png 960w, https:\/\/centretic.com\/enseignants\/wp-content\/uploads\/sites\/2\/2025\/08\/a-la-conquete-2-300x200.png 300w, https:\/\/centretic.com\/enseignants\/wp-content\/uploads\/sites\/2\/2025\/08\/a-la-conquete-2-768x512.png 768w, https:\/\/centretic.com\/enseignants\/wp-content\/uploads\/sites\/2\/2025\/08\/a-la-conquete-2-640x427.png 640w\" sizes=\"auto, (max-width: 960px) 100vw, 960px\" \/><\/figure>\n\n\n\n<p>Envie de devenir complice de l&rsquo;apprentissage du num\u00e9rique de vos \u00e9tudiant\u00b7es? Apprenez-en plus sur l&rsquo;autoformation offerte aux nouveaux arrivants au C\u00e9gep de Jonqui\u00e8re.<\/p>\n<\/div>\n<\/div>\n\n\n\n<div class=\"wp-block-columns is-layout-flex wp-container-core-columns-is-layout-9d6595d7 wp-block-columns-is-layout-flex\">\n<div class=\"wp-block-column is-layout-flow wp-block-column-is-layout-flow\">\n<h4 class=\"wp-block-heading\"><strong><a href=\"https:\/\/centretic.com\/enseignants\/ressources\/session-en-cours\/\">Formations offertes<\/a><\/strong><\/h4>\n\n\n\n<figure class=\"wp-block-image size-full\"><img loading=\"lazy\" decoding=\"async\" width=\"960\" height=\"640\" src=\"https:\/\/centretic.com\/enseignants\/wp-content\/uploads\/sites\/2\/2024\/06\/formations-offertes.jpg\" alt=\"\" class=\"wp-image-4537\" srcset=\"https:\/\/centretic.com\/enseignants\/wp-content\/uploads\/sites\/2\/2024\/06\/formations-offertes.jpg 960w, https:\/\/centretic.com\/enseignants\/wp-content\/uploads\/sites\/2\/2024\/06\/formations-offertes-300x200.jpg 300w, https:\/\/centretic.com\/enseignants\/wp-content\/uploads\/sites\/2\/2024\/06\/formations-offertes-768x512.jpg 768w, https:\/\/centretic.com\/enseignants\/wp-content\/uploads\/sites\/2\/2024\/06\/formations-offertes-640x427.jpg 640w\" sizes=\"auto, (max-width: 960px) 100vw, 960px\" \/><\/figure>\n\n\n\n<p>Int\u00e9ress\u00e9\u00b7e par le num\u00e9rique? Ce segment d\u00e9crit l&rsquo;offre des activit\u00e9s offertes pour int\u00e9grer efficacement le num\u00e9rique dans ses pratiques d&rsquo;enseignement et d&rsquo;apprentissage.&nbsp;<\/p>\n<\/div>\n\n\n\n<div class=\"wp-block-column is-layout-flow wp-block-column-is-layout-flow\">\n<h4 class=\"wp-block-heading\"><strong><a href=\"https:\/\/centretic.com\/enseignants\/ressources\/studio-balado\/\">Studio Balado<\/a><\/strong><\/h4>\n\n\n\n<figure class=\"wp-block-image size-full\"><img loading=\"lazy\" decoding=\"async\" width=\"960\" height=\"640\" src=\"https:\/\/centretic.com\/enseignants\/wp-content\/uploads\/sites\/2\/2025\/08\/studio-balado-2.jpg\" alt=\"\" class=\"wp-image-4750\" srcset=\"https:\/\/centretic.com\/enseignants\/wp-content\/uploads\/sites\/2\/2025\/08\/studio-balado-2.jpg 960w, https:\/\/centretic.com\/enseignants\/wp-content\/uploads\/sites\/2\/2025\/08\/studio-balado-2-300x200.jpg 300w, https:\/\/centretic.com\/enseignants\/wp-content\/uploads\/sites\/2\/2025\/08\/studio-balado-2-768x512.jpg 768w, https:\/\/centretic.com\/enseignants\/wp-content\/uploads\/sites\/2\/2025\/08\/studio-balado-2-640x427.jpg 640w\" sizes=\"auto, (max-width: 960px) 100vw, 960px\" \/><\/figure>\n\n\n\n<p>Envie de cr\u00e9er des balados?<strong>&nbsp;<\/strong>Cette page pr\u00e9sente le Studio balado du C\u00e9gep de Jonqui\u00e8re, un espace cl\u00e9 en main permettant de cr\u00e9er facilement des balados avec du mat\u00e9riel professionnel simple d&rsquo;utilisation.<\/p>\n<\/div>\n<\/div>\n","protected":false},"excerpt":{"rendered":"<p>Cette section pr\u00e9sente le Comit\u00e9 TIC institutionnel. Vous y trouverez \u00e9galement toute l&rsquo;information utile pour [&hellip;]<\/p>\n","protected":false},"author":1,"featured_media":0,"parent":0,"menu_order":0,"comment_status":"closed","ping_status":"closed","template":"","meta":{"footnotes":""},"class_list":["post-4517","page","type-page","status-publish","hentry","entry","grid"],"_links":{"self":[{"href":"https:\/\/centretic.com\/enseignants\/wp-json\/wp\/v2\/pages\/4517","targetHints":{"allow":["GET"]}}],"collection":[{"href":"https:\/\/centretic.com\/enseignants\/wp-json\/wp\/v2\/pages"}],"about":[{"href":"https:\/\/centretic.com\/enseignants\/wp-json\/wp\/v2\/types\/page"}],"author":[{"embeddable":true,"href":"https:\/\/centretic.com\/enseignants\/wp-json\/wp\/v2\/users\/1"}],"replies":[{"embeddable":true,"href":"https:\/\/centretic.com\/enseignants\/wp-json\/wp\/v2\/comments?post=4517"}],"version-history":[{"count":9,"href":"https:\/\/centretic.com\/enseignants\/wp-json\/wp\/v2\/pages\/4517\/revisions"}],"predecessor-version":[{"id":4758,"href":"https:\/\/centretic.com\/enseignants\/wp-json\/wp\/v2\/pages\/4517\/revisions\/4758"}],"wp:attachment":[{"href":"https:\/\/centretic.com\/enseignants\/wp-json\/wp\/v2\/media?parent=4517"}],"curies":[{"name":"wp","href":"https:\/\/api.w.org\/{rel}","templated":true}]}}